{"id":5674686,"date":"2023-11-28T10:47:14","date_gmt":"2023-11-28T09:47:14","guid":{"rendered":"https:\/\/www.czechrelocate.eu\/?page_id=5674686"},"modified":"2023-11-28T10:47:14","modified_gmt":"2023-11-28T09:47:14","slug":"gdpr","status":"publish","type":"page","link":"https:\/\/www.czechrelocate.eu\/cs\/gdpr\/","title":{"rendered":"GDPR"},"content":{"rendered":"<div class=\"wpb-content-wrapper\">[vc_row][vc_column css=&#8220;.vc_custom_1502450761306{padding-top: 0px !important;}&#8220;][vc_empty_space height=&#8220;90px&#8220; el_class=&#8220;norebro-phone-space&#8220;][\/vc_column][\/vc_row][vc_row full_height=&#8220;yes&#8220; columns_placement=&#8220;top&#8220;][vc_column]<div class=\"norebro-heading-sc heading text-left\"\n\tid=\"norebro-custom-69f452fc8bf97\" \n\t \n\t>\n\t\n\t\t\t<p class=\"subtitle\">\n\t\t\tVIP Homes s.r.o.\t\t<\/p>\n\t\n\t\n\t<h3 class=\"title subtitle-top\">\n\t\tOchrana osobn\u00edch \u00fadaj\u016f\t<\/h3>\n\n\t\n\t\t\n<\/div>[vc_empty_space height=&#8220;20px&#8220; el_class=&#8220;norebro-phone-space&#8220;]<div class=\"norebro-text-sc \" \n\tid=\"norebro-custom-69f452fc8c075\" \n\t \n\t>\n\n\t<div class=\"wpb_text_column\">\n<div class=\"wpb_wrapper\">\n<p>Na tomto m\u00edst\u011b se dozv\u00edte, jak nakl\u00e1d\u00e1me s\u00a0osobn\u00edmi \u00fadaji, kter\u00e9 n\u00e1m p\u0159i\u00a0pou\u017e\u00edv\u00e1n\u00ed na\u0161ich slu\u017eeb poskytujete. V\u0161echny \u00fadaje jsou u\u00a0n\u00e1s v\u00a0bezpe\u010d\u00ed a\u00a0va\u0161e data nikomu neprod\u00e1v\u00e1me.<\/p>\n<p>VIP Homes s.r.o. pova\u017euje z\u00edskan\u00e9 osobn\u00ed a&nbsp;dal\u0161\u00ed \u00fadaje za p\u0159\u00edsn\u011b d\u016fv\u011brn\u00e9. P\u0159i&nbsp;jejich zpracov\u00e1n\u00ed se \u0159\u00edd\u00ed\u00a0<a title=\"Na\u0159\u00edzen\u00ed GDPR \" href=\"http:\/\/eur-lex.europa.eu\/legal-content\/CS\/TXT\/PDF\/?uri=CELEX:32016R0679&amp;from=EN\" target=\"_blank\" rel=\"noopener\">NA\u0158\u00cdZEN\u00cdM EVROPSK\u00c9HO PARLAMENTU A\u00a0RADY (EU) \u010d.2016\/679 ze dne 27.\u00a0dubna 2016 o\u00a0ochran\u011b fyzick\u00fdch osob v\u00a0souvislosti se zpracov\u00e1n\u00edm osobn\u00edch \u00fadaj\u016f a\u00a0o\u00a0voln\u00e9m pohybu t\u011bchto \u00fadaj\u016f a\u00a0o\u00a0zru\u0161en\u00ed sm\u011brnice 95\/46\/ES (obecn\u00e9 na\u0159\u00edzen\u00ed o\u00a0ochran\u011b osobn\u00edch \u00fadaj\u016f)<\/a>, jinak zn\u00e1m\u00fdm jako GDPR a\u00a0adapta\u010dn\u00edmi z\u00e1kony \u010cR upravuj\u00edc\u00ed tuto oblast.<\/p>\n<p>Ka\u017ed\u00fd u\u017eivatel m\u00e1 pr\u00e1vo b\u00fdt informov\u00e1n, jak\u00e9 \u00fadaje o&nbsp;n\u011bm VIP Homes s.r.o. eviduje, a&nbsp;je opr\u00e1vn\u011bn tyto \u00fadaje m\u011bnit, p\u0159\u00edpadn\u011b p\u00edsemn\u011b vyslovit nesouhlas s&nbsp;jejich zpracov\u00e1v\u00e1n\u00edm. Ka\u017ed\u00fd u\u017eivatel m\u016f\u017ee tak\u00e9 po\u017e\u00e1dat o&nbsp;vymaz\u00e1n\u00ed ve\u0161ker\u00fdch sv\u00fdch osobn\u00edch \u00fadaj\u016f, ale ztr\u00e1c\u00ed t\u00edm mo\u017enost z\u00edsk\u00e1vat informace o&nbsp;novink\u00e1ch, n\u00e1vodech a&nbsp;speci\u00e1ln\u00edch akc\u00edch pro v\u011brn\u00e9 klienty. \u017d\u00e1dost o&nbsp;vymaz\u00e1n\u00ed je mo\u017en\u00e9 zaslat na <a href=\"mailto:mihilova@viphomes.cz\">mihilova@viphomes.cz<\/a> Upozor\u0148ujeme, \u017ee z\u00e1konem vy\u017eadovan\u00e9 informace souvisej\u00edc\u00ed s&nbsp;obchodn\u00edmi vztahy uchov\u00e1vat mus\u00edme.<\/p>\n<p>Pou\u017e\u00edv\u00e1n\u00edm t\u011bchto webov\u00fdch str\u00e1nek souhlas\u00edte s&nbsp;politikou VIP Homes s.r.o. p\u0159i&nbsp;pr\u00e1ci s&nbsp;osobn\u00edmi daty. Tato politika m\u016f\u017ee b\u00fdt zm\u011bn\u011bna zve\u0159ejn\u011bn\u00edm jej\u00ed nov\u00e9 verze na t\u00e9to str\u00e1nce.<\/p>\n<\/div>\n<\/div>\n\t\n<\/div>[vc_empty_space height=&#8220;20px&#8220; el_class=&#8220;norebro-phone-space&#8220;]<div class=\"norebro-text-sc \" \n\tid=\"norebro-custom-69f452fc8c0fe\" \n\t \n\t>\n\n\t<h2 class=\"cHeading\">Toto\u017enost a\u00a0kontaktn\u00ed \u00fadaje spr\u00e1vce<\/h2>\n<p>Spr\u00e1vcem osobn\u00edch \u00fadaj\u016f ve smyslu n\u00e1rodn\u00ed a&nbsp;evropsk\u00e9 legislativy je:<\/p>\n<p><strong>VIP Homes s.r.o.<\/strong><br \/>\nN\u00e1dra\u017en\u00ed 110, Praha 5, 150&nbsp;00<br \/>\nI\u010c: 25616889<br \/>\nTel.: <a href=\"tel:+420606731973\">+420&nbsp;606\u00a0731\u00a0973<\/a><br \/>\nE-mail: <a href=\"mailto:mihinova@viphomes.cz\">mihinova@viphomes.cz<\/a><\/p>\n<p>M\u00e1te-li jak\u00e9koli dotazy ohledn\u011b zpracov\u00e1n\u00ed a&nbsp;ochrany va\u0161ich osobn\u00edch \u00fadaj\u016f, m\u016f\u017eete n\u00e1s kontaktovat e-mailem na adrese: <a href=\"mailto:mihinova@viphomes.cz\">mihinova@viphomes.cz<\/a><\/p>\n\t\n<\/div>[vc_empty_space height=&#8220;20px&#8220; el_class=&#8220;norebro-phone-space&#8220;]<div class=\"norebro-text-sc \" \n\tid=\"norebro-custom-69f452fc8c175\" \n\t \n\t>\n\n\t<h2>\u00da\u010dely zpracov\u00e1n\u00ed, pro kter\u00e9 jsou osobn\u00ed \u00fadaje ur\u010deny:<\/h2>\n<p>Spole\u010dnost VIP Homes s.r.o. zpracov\u00e1v\u00e1 osobn\u00ed \u00fadaje za n\u011bkolika \u00fa\u010dely, kter\u00e9 se li\u0161\u00ed zejm\u00e9na subjektem osobn\u00edch \u00fadaj\u016f a\u00a0vztahem, kter\u00fd m\u00e1 spole\u010dnost VIP Homes s.r.o. k\u202fsubjektu \u00fadaj\u016f.<\/p>\n<ol>\n<li>Osobn\u00ed \u00fadaje na\u0161ich klient\u016f jsou zpracov\u00e1ny za \u00fa\u010delem pln\u011bn\u00ed smluv o\u00a0dod\u00e1vk\u00e1ch slu\u017eeb a\u00a0d\u00edla. Zpracov\u00e1v\u00e1me pouze ty \u00fadaje, kter\u00e9 jsou nezbytn\u00e9 pro plynul\u00e9 a\u00a0efektivn\u00ed pln\u011bn\u00ed smluvn\u00edch z\u00e1vazk\u016f a\u00a0z\u00e1konn\u00fdch povinnost\u00ed z\u202fnich vypl\u00fdvaj\u00edc\u00edch.<\/li>\n<li>Osobn\u00ed \u00fadaje zam\u011bstnanc\u016f jsou zpracov\u00e1v\u00e1ny za \u00fa\u010delem n\u00e1boru a\u00a0evidence na\u0161ich zam\u011bstnanc\u016f dle z\u00e1konn\u00fdch povinnost\u00ed.<\/li>\n<li>Zpracov\u00e1v\u00e1me tak\u00e9 osobn\u00ed \u00fadaje subjekt\u016f za \u00fa\u010delem poskytov\u00e1n\u00ed informac\u00ed o\u00a0novink\u00e1ch v\u202fna\u0161ich slu\u017eb\u00e1ch a\u00a0produktech, sout\u011b\u017e\u00edch a\u00a0dal\u0161\u00edch marketingov\u00fdch akc\u00edch spole\u010dnosti VIP Homes s.r.o.<\/li>\n<\/ol>\n\t\n<\/div>[vc_empty_space height=&#8220;20px&#8220; el_class=&#8220;norebro-phone-space&#8220;]<div class=\"norebro-text-sc \" \n\tid=\"norebro-custom-69f452fc8c1e8\" \n\t \n\t>\n\n\t<h2>Pr\u00e1vn\u00ed z\u00e1klad pro zpracov\u00e1n\u00ed<\/h2>\n<p>Ve\u0161ker\u00e9 osobn\u00ed \u00fadaje spole\u010dnost VIP Homes s.r.o. zpracov\u00e1v\u00e1 na z\u00e1klad\u011b pr\u00e1vn\u00edch z\u00e1klad\u016f uveden\u00fdch n\u00ed\u017ee:<\/p>\n<ol>\n<li>Zpracov\u00e1n\u00ed je nezbytn\u00e9 pro spln\u011bn\u00ed smlouvy, jej\u00ed\u017e smluvn\u00ed stranou je subjekt \u00fadaj\u016f, nebo pro\u00a0proveden\u00ed opat\u0159en\u00ed p\u0159ijat\u00fdch p\u0159ed uzav\u0159en\u00edm smlouvy na \u017e\u00e1dost tohoto subjektu \u00fadaj\u016f,<\/li>\n<li>Zpracov\u00e1n\u00ed je nezbytn\u00e9 pro spln\u011bn\u00ed pr\u00e1vn\u00ed povinnosti, kter\u00e1 se na spr\u00e1vce vztahuje,<\/li>\n<li>Zpracov\u00e1n\u00ed je nezbytn\u00e9 pro \u00fa\u010dely opr\u00e1vn\u011bn\u00fdch z\u00e1jm\u016f p\u0159\u00edslu\u0161n\u00e9ho spr\u00e1vce \u010di\u00a0t\u0159et\u00ed strany, krom\u011b p\u0159\u00edpad\u016f, kdy p\u0159ed t\u011bmito z\u00e1jmy maj\u00ed p\u0159ednost z\u00e1jmy nebo z\u00e1kladn\u00ed pr\u00e1va a\u00a0svobody subjektu \u00fadaj\u016f vy\u017eaduj\u00edc\u00ed ochranu osobn\u00edch \u00fadaj\u016f, zejm\u00e9na pokud je subjektem \u00fadaj\u016f d\u00edt\u011b,<\/li>\n<li>Subjekt \u00fadaj\u016f ud\u011blil souhlas se zpracov\u00e1n\u00edm sv\u00fdch osobn\u00edch \u00fadaj\u016f pro jeden \u010di\u00a0v\u00edce konkr\u00e9tn\u00edch \u00fa\u010del\u016f.<\/li>\n<\/ol>\n\t\n<\/div>[vc_empty_space height=&#8220;20px&#8220; el_class=&#8220;norebro-phone-space&#8220;]<div class=\"norebro-text-sc \" \n\tid=\"norebro-custom-69f452fc8c253\" \n\t \n\t>\n\n\t<h3>Opr\u00e1vn\u011bn\u00e9 z\u00e1jmy spr\u00e1vce nebo t\u0159et\u00ed strany v&nbsp;p\u0159\u00edpad\u011b, \u017ee je zpracov\u00e1n\u00ed zalo\u017eeno na opr\u00e1vn\u011bn\u00e9m z\u00e1jmu<\/h3>\n<p>Osobn\u00ed \u00fadaje zpracov\u00e1v\u00e1me zejm\u00e9na za \u00fa\u010delem rozvoje a&nbsp;udr\u017eov\u00e1n\u00ed obchodn\u00edch vztah\u016f s&nbsp;na\u0161imi klienty nebo potenci\u00e1ln\u00edmi partnery. Chceme budovat dlouhodob\u00e9 a&nbsp;ob\u011bma stran\u00e1m prosp\u011b\u0161n\u00e9 obchodn\u00ed vztahy a&nbsp;velmi n\u00e1m z\u00e1le\u017e\u00ed na tom, aby na\u0161e slu\u017eby a&nbsp;produkty co nejv\u00edce pom\u00e1haly na\u0161im klient\u016fm rozv\u00edjet jejich vlastn\u00ed podnik\u00e1n\u00ed.<\/p>\n\t\n<\/div>[vc_empty_space height=&#8220;20px&#8220; el_class=&#8220;norebro-phone-space&#8220;]<div class=\"norebro-text-sc \" \n\tid=\"norebro-custom-69f452fc8c2c7\" \n\t \n\t>\n\n\t<h3>P\u0159\u00edpadn\u00e9 p\u0159\u00edjemce nebo kategorie p\u0159\u00edjemc\u016f osobn\u00edch \u00fadaj\u016f.<\/h3>\n<p>Osobn\u00ed \u00fadaje, kter\u00e9 jsou zpracov\u00e1v\u00e1ny automatizovan\u011b, mohou b\u00fdt p\u0159ed\u00e1ny t\u0159et\u00edm stran\u00e1m a\u00a0to v\u202fnezbytn\u00fdch p\u0159\u00edpadech, abychom zajistili pln\u011bn\u00ed na\u0161ich obchodn\u00edch z\u00e1vazk\u016f nebo rozvoj obchodn\u00edch vztah\u016f. Partnery, se kter\u00fdmi spolupracujeme, pe\u010dliv\u011b vyb\u00edr\u00e1me a\u00a0kontrolujeme, zda\u00a0garantuj\u00ed stejn\u00e9 principy a\u00a0z\u00e1sady ochrany osobn\u00edch \u00fadaj\u016f jako na\u0161e spole\u010dnost. N\u00ed\u017ee je v\u00fd\u010det zpracovatel\u016f, se kter\u00fdmi spolupracujeme:<\/p>\n<ul role=\"list\">\n<li role=\"listitem\" aria-setsize=\"-1\" data-aria-level=\"1\" data-aria-posinset=\"2\" data-font=\"Symbol\" data-leveltext=\"\uf0b7\" data-listid=\"8\">GOOGLE CZECH REPUBLIC, s.r.o., I\u010c:\u00a027604977<\/li>\n<li role=\"listitem\" aria-setsize=\"-1\" data-aria-level=\"1\" data-aria-posinset=\"2\" data-font=\"Symbol\" data-leveltext=\"\uf0b7\" data-listid=\"8\">Hotjar,\u00a0<a href=\"https:\/\/www.hotjar.com\/legal\/compliance\/gdpr-commitment\" target=\"_blank\" rel=\"noopener noreferrer\">https:\/\/www.hotjar.com\/legal\/compliance\/gdpr-commitment<\/a><\/li>\n<\/ul>\n\t\n<\/div>[vc_empty_space height=&#8220;20px&#8220; el_class=&#8220;norebro-phone-space&#8220;]<div class=\"norebro-text-sc \" \n\tid=\"norebro-custom-69f452fc8c32f\" \n\t \n\t>\n\n\t<h3>P\u0159\u00edpadn\u00fd \u00famysl spr\u00e1vce p\u0159edat osobn\u00ed \u00fadaje do t\u0159et\u00ed zem\u011b mimo Evropskou unii nebo mezin\u00e1rodn\u00ed organizaci a&nbsp;existenci \u010di&nbsp;neexistenci rozhodnut\u00ed Komise o&nbsp;odpov\u00eddaj\u00edc\u00ed ochran\u011b.<\/h3>\n<p>Spole\u010dnost VIP Homes s.r.o. nep\u0159ed\u00e1v\u00e1 \u017e\u00e1dn\u00e9 osobn\u00ed \u00fadaje do t\u0159et\u00edch zem\u00ed mimo Evropskou unii nebo mimo zem\u011b, kter\u00e9 Evropsk\u00e1 komise ozna\u010dila jako d\u016fv\u011bryhodn\u00e9 z\u00a0pohledu ochrany osobn\u00edch \u00fadaj\u016f.<\/p>\n\t\n<\/div>[vc_empty_space height=&#8220;20px&#8220; el_class=&#8220;norebro-phone-space&#8220;]<div class=\"norebro-text-sc \" \n\tid=\"norebro-custom-69f452fc8c394\" \n\t \n\t>\n\n\t<h3>Doba, po&nbsp;kterou budou osobn\u00ed \u00fadaje ulo\u017eeny, nebo nen\u00ed-li ji mo\u017en\u00e9 ur\u010dit, krit\u00e9ria pou\u017eit\u00e1 pro stanoven\u00ed t\u00e9to doby.<\/h3>\n<p>Osobn\u00ed \u00fadaje jsou zpracov\u00e1v\u00e1ny po&nbsp;omezenou dobu. U&nbsp;ka\u017ed\u00e9ho \u00fa\u010delu zpracov\u00e1n\u00ed je definov\u00e1na doba zpracov\u00e1n\u00ed osobn\u00edho \u00fadaje a&nbsp;tato doba se m\u016f\u017ee li\u0161it podle \u00fa\u010delu a&nbsp;pr\u00e1vn\u00edho z\u00e1kladu zpracov\u00e1n\u00ed dan\u00e9ho osobn\u00edho \u00fadaje.<\/p>\n\t\n<\/div>[vc_empty_space height=&#8220;20px&#8220; el_class=&#8220;norebro-phone-space&#8220;]<div class=\"norebro-text-sc \" \n\tid=\"norebro-custom-69f452fc8c400\" \n\t \n\t>\n\n\t<h3>Pr\u00e1va subjekt\u016f \u00fadaj\u016f.<\/h3>\n<p>Dle na\u0159\u00edzen\u00ed EU maj\u00ed subjekty \u00fadaj\u016f pr\u00e1vo po\u017eadovat od spr\u00e1vce p\u0159\u00edstup k&nbsp;osobn\u00edm \u00fadaj\u016fm t\u00fdkaj\u00edc\u00edch se subjektu \u00fadaj\u016f, jejich opravu nebo v\u00fdmaz, pop\u0159\u00edpad\u011b omezen\u00ed zpracov\u00e1n\u00ed, a&nbsp;vzn\u00e9st n\u00e1mitku proti zpracov\u00e1n\u00ed, jako\u017e i&nbsp;pr\u00e1va na p\u0159enositelnost \u00fadaj\u016f.<\/p>\n<p>Pokud je zpracov\u00e1n\u00ed osobn\u00edch \u00fadaj\u016f zalo\u017eeno na souhlasu subjektu \u00fadaj\u016f, pak m\u00e1 subjekt \u00fadaj\u016f pr\u00e1vo odvolat kdykoli tento souhlas, ani\u017e je t\u00edm dot\u010dena z\u00e1konnost zpracov\u00e1n\u00ed zalo\u017een\u00e1 na souhlasu ud\u011blen\u00e9m p\u0159ed jeho odvol\u00e1n\u00edm. Odvol\u00e1n\u00ed souhlasu m\u016f\u017ee prov\u00e9st bu\u010fto automatizovan\u011b nebo p\u00edsemn\u011b, a&nbsp;to na kontaktech uveden\u00fdch v\u00fd\u0161e.<\/p>\n<p>Subjekt \u00fadaj\u016f m\u00e1 pr\u00e1vo podat st\u00ed\u017enost u&nbsp;\u00da\u0159adu pro ochranu osobn\u00edch \u00fadaj\u016f, pokud k\u202ftomu existuje relevantn\u00ed p\u0159\u00ed\u010dina.<\/p>\n<p>V\u202fp\u0159\u00edpad\u011b, \u017ee poskytov\u00e1n\u00ed osobn\u00edch \u00fadaj\u016f je z\u00e1konn\u00fdm \u010di&nbsp;smluvn\u00edm po\u017eadavkem, nebo po\u017eadavkem, kter\u00fd je nutn\u00e9 uv\u00e9st do smlouvy, m\u00e1 subjekt \u00fadaj\u016f povinnost osobn\u00ed \u00fadaje poskytnout v\u202fpot\u0159ebn\u00e9 m\u00ed\u0159e. V\u202fp\u0159\u00edpad\u011b, \u017ee tyto \u00fadaje odm\u00edtne poskytnout, je spr\u00e1vce opr\u00e1vn\u011bn neuzav\u0159\u00edt s\u202fdan\u00fdm subjektem spolupr\u00e1ci \u010di&nbsp;jinak zabezpe\u010dit sv\u00e1 pr\u00e1va.<\/p>\n\t\n<\/div>[vc_empty_space height=&#8220;90px&#8220; el_class=&#8220;norebro-phone-space&#8220;][\/vc_column][\/vc_row]\n<\/div>","protected":false},"excerpt":{"rendered":"<p>[vc_row][vc_column css=&#8220;.vc_custom_1502450761306{padding-top: 0px !important;}&#8220;][vc_empty_space height=&#8220;90px&#8220; el_class=&#8220;norebro-phone-space&#8220;][\/vc_column][\/vc_row][vc_row full_height=&#8220;yes&#8220; columns_placement=&#8220;top&#8220;][vc_column][vc_empty_space height=&#8220;20px&#8220; el_class=&#8220;norebro-phone-space&#8220;][vc_empty_space height=&#8220;20px&#8220; el_class=&#8220;norebro-phone-space&#8220;][vc_empty_space height=&#8220;20px&#8220; el_class=&#8220;norebro-phone-space&#8220;][vc_empty_space&#8230;<\/p>\n","protected":false},"author":2,"featured_media":0,"parent":0,"menu_order":0,"comment_status":"closed","ping_status":"closed","template":"","meta":{"inline_featured_image":false,"footnotes":""},"acf":[],"_links":{"self":[{"href":"https:\/\/www.czechrelocate.eu\/cs\/wp-json\/wp\/v2\/pages\/5674686"}],"collection":[{"href":"https:\/\/www.czechrelocate.eu\/cs\/wp-json\/wp\/v2\/pages"}],"about":[{"href":"https:\/\/www.czechrelocate.eu\/cs\/wp-json\/wp\/v2\/types\/page"}],"author":[{"embeddable":true,"href":"https:\/\/www.czechrelocate.eu\/cs\/wp-json\/wp\/v2\/users\/2"}],"replies":[{"embeddable":true,"href":"https:\/\/www.czechrelocate.eu\/cs\/wp-json\/wp\/v2\/comments?post=5674686"}],"version-history":[{"count":1,"href":"https:\/\/www.czechrelocate.eu\/cs\/wp-json\/wp\/v2\/pages\/5674686\/revisions"}],"predecessor-version":[{"id":5674687,"href":"https:\/\/www.czechrelocate.eu\/cs\/wp-json\/wp\/v2\/pages\/5674686\/revisions\/5674687"}],"wp:attachment":[{"href":"https:\/\/www.czechrelocate.eu\/cs\/wp-json\/wp\/v2\/media?parent=5674686"}],"curies":[{"name":"wp","href":"https:\/\/api.w.org\/{rel}","templated":true}]}}